{"id":968,"date":"2021-08-15T12:13:18","date_gmt":"2021-08-15T12:13:18","guid":{"rendered":"https:\/\/site.juntatavarede.pt\/?page_id=968"},"modified":"2026-03-11T12:19:13","modified_gmt":"2026-03-11T12:19:13","slug":"assembleias-de-freguesias-anteriores","status":"publish","type":"page","link":"https:\/\/site.juntatavarede.pt\/?page_id=968","title":{"rendered":"Assembleias de freguesias anteriores"},"content":{"rendered":"\t\t<div data-elementor-type=\"wp-page\" data-elementor-id=\"968\" class=\"elementor elementor-968\" data-elementor-settings=\"[]\">\n\t\t\t\t\t\t\t<div class=\"elementor-section-wrap\">\n\t\t\t\t\t\t\t<section class=\"elementor-section elementor-top-section elementor-element elementor-element-7e8954d9 elementor-section-content-middle elementor-section-boxed elementor-section-height-default elementor-section-height-default\" data-id=\"7e8954d9\" data-element_type=\"section\">\n\t\t\t\t\t\t<div class=\"elementor-container elementor-column-gap-no\">\n\t\t\t\t\t<div class=\"elementor-column elementor-col-100 elementor-top-column elementor-element elementor-element-6e548740\" data-id=\"6e548740\" data-element_type=\"column\">\n\t\t\t<div class=\"elementor-widget-wrap elementor-element-populated\">\n\t\t\t\t\t\t\t\t<div class=\"elementor-element elementor-element-44063f7 elementor-widget elementor-widget-heading\" data-id=\"44063f7\" data-element_type=\"widget\" data-widget_type=\"heading.default\">\n\t\t\t\t<div class=\"elementor-widget-container\">\n\t\t\t<h6 class=\"elementor-heading-title elementor-size-small\">Assembleias de freguesias anteriores <\/h6>\t\t<\/div>\n\t\t\t\t<\/div>\n\t\t\t\t\t<\/div>\n\t\t<\/div>\n\t\t\t\t\t\t\t<\/div>\n\t\t<\/section>\n\t\t\t\t<section class=\"elementor-section elementor-top-section elementor-element elementor-element-13d91a3c elementor-section-boxed elementor-section-height-default elementor-section-height-default\" data-id=\"13d91a3c\" data-element_type=\"section\">\n\t\t\t\t\t\t<div class=\"elementor-container elementor-column-gap-default\">\n\t\t\t\t\t<div class=\"elementor-column elementor-col-100 elementor-top-column elementor-element elementor-element-71047305\" data-id=\"71047305\" data-element_type=\"column\">\n\t\t\t<div class=\"elementor-widget-wrap elementor-element-populated\">\n\t\t\t\t\t\t\t\t<div class=\"elementor-element elementor-element-13fb9cf8 elementor-widget elementor-widget-text-editor\" data-id=\"13fb9cf8\" data-element_type=\"widget\" data-widget_type=\"text-editor.default\">\n\t\t\t\t<div class=\"elementor-widget-container\">\n\t\t\t\t\t\t\t<p>Reconhecimento e Homenagem a todos os Homens e Mulheres da Freguesia que t\u00eam contribu\u00eddo para o seu desenvolvimento.<\/p><p>Em nome da Freguesia, <strong>OBRIGADO<\/strong><\/p><p>Tavarede, 19 de Outubro de 2017<\/p><p>O Executivo<\/p>\t\t\t\t\t\t<\/div>\n\t\t\t\t<\/div>\n\t\t\t\t<div class=\"elementor-element elementor-element-1a3d045d elementor-widget elementor-widget-heading\" data-id=\"1a3d045d\" data-element_type=\"widget\" data-widget_type=\"heading.default\">\n\t\t\t\t<div class=\"elementor-widget-container\">\n\t\t\t<h2 class=\"elementor-heading-title elementor-size-default\">Membros das Assembleias de Freguesia de Tavarede<\/h2>\t\t<\/div>\n\t\t\t\t<\/div>\n\t\t\t\t<div class=\"elementor-element elementor-element-343e295a elementor-widget elementor-widget-text-editor\" data-id=\"343e295a\" data-element_type=\"widget\" data-widget_type=\"text-editor.default\">\n\t\t\t\t<div class=\"elementor-widget-container\">\n\t\t\t\t\t\t\t<p><strong>Janeiro de 1977 \/ Janeiro de 1980<\/strong><\/p>\n<p>Presidente \u2013 Maria Alice da Costa Salgueiro Rodrigues<\/p>\n<p>1\u00ba Secret\u00e1rio \u2013 Ant\u00f3nio Rodrigues da Silva<\/p>\n<p>2\u00baSecret\u00e1rio \u2013 Ant\u00f3nio Martins Lopes<\/p>\n<p>Ant\u00f3nio Jorge da Silva<\/p>\n<p>Ant\u00f3nio Manuel Ribas Cavaleiro<\/p>\n<p>Jos\u00e9 Lopes Medina<\/p>\n<p>Ant\u00f3nio Manuel Fadigas da Cunha<\/p>\n<p>Augusto dos Santos Fonseca<\/p>\n<p>Flaviano Pinto de Sousa<\/p>\n<p><strong>Janeiro de 1980 \/ Janeiro de 1982<\/strong><\/p>\n<p>Presidente \u2013 Ant\u00f3nio Jorge da Silva<\/p>\n<p>1\u00ba Secret\u00e1rio \u2013 An\u00edbal Augusto de Melo Santos<\/p>\n<p>2\u00baSecret\u00e1rio \u2013 Jos\u00e9 Lu\u00eds do Nascimento<\/p>\n<p>Etelvino Alves Trindade<\/p>\n<p>Flaviano Pinto de Sousa<\/p>\n<p>Carlos Lopes Pinto<\/p>\n<p>Armando Paiva da Silva<\/p>\n<p>Avelino Rodrigues Coelho Fileno<\/p>\n<p>\u00c1lvaro Mota da Silva<\/p>\n<p>Laurindo da Fonseca Carvalho<\/p>\n<p>\u00c1lvaro Manuel Martins dos Reis<\/p>\n<p>Augusto dos Santos Fonseca<\/p>\n<p>Manuel Rodrigues da Silva<\/p>\n<p><strong>&nbsp;<\/strong><\/p>\n<p><strong>Janeiro de 1982 \/ Janeiro de 1986<\/strong><\/p>\n<p>Presidente &#8211; Ant\u00f3nio Manuel Fadigas da Cunha<\/p>\n<p>1\u00ba Secret\u00e1rio &#8211; Ant\u00f3nio Manuel Gon\u00e7alves Sim\u00f5es Baltazar<\/p>\n<p>2\u00baSecret\u00e1rio \u2013 Jos\u00e9 Manuel Cordeiro de Oliveira<\/p>\n<p>Joaquim da Silva Oliveira<\/p>\n<p>Carlos Santos Palaio<\/p>\n<p>Ant\u00f3nio Jos\u00e9 Ladeiro da Costa<\/p>\n<p>Eduardo Marques Duarte Novo<\/p>\n<p>Jo\u00e3o de Oliveira J\u00fanior<\/p>\n<p>Ant\u00f3nio Santiago Ven\u00e2ncio<\/p>\n<p>Vicente Braz<\/p>\n<p>Jos\u00e9 Amadeu Marques<\/p>\n<p>Jos\u00e9 Lu\u00eds Nascimento<\/p>\n<p>Laurindo da Fonseca Carvalho<\/p>\n<p><strong>Janeiro de 1986 \/ Janeiro de 1990<\/strong><\/p>\n<p>Presidente &#8211; Ant\u00f3nio Manuel Fadigas da Cunha<\/p>\n<p>1\u00ba Secret\u00e1rio \u2013 Manuel Gaspar Lontro<\/p>\n<p>2\u00baSecret\u00e1rio \u2013 Jo\u00e3o Duarte Pedrosa Mendes<\/p>\n<p>Laurindo da Fonseca Carvalho<\/p>\n<p>Ant\u00f3nio Jos\u00e9 Ladeiro da Costa<\/p>\n<p>Fausto de Oliveira Carvalho<\/p>\n<p>Vicente Braz<\/p>\n<p>Joaquina de Campos Pereira Gon\u00e7alves<\/p>\n<p>Fernando Sim\u00f5es Mendes<\/p>\n<p><strong>Janeiro de 1990 \/ Janeiro de 1994<\/strong><\/p>\n<p>Presidente \u2013 Rui Manuel Marinheiro Carvalheiro<\/p>\n<p>1\u00ba Secret\u00e1rio \u2013 Jos\u00e9 Ant\u00f3nio da Paz Cardoso Ferreira<\/p>\n<p>2\u00baSecret\u00e1rio &#8211; Victor Manuel Gaspar Figueiredo Azenha<\/p>\n<p>V\u00edtor Manuel dos Santos Madaleno<\/p>\n<p>H\u00e9lder Marques Correia de Oliveira<\/p>\n<p>Jos\u00e9 Amadeu Marques<\/p>\n<p>Carlos dos Santos Palaio<\/p>\n<p>Carlos Alberto Lopes Sim\u00f5es Bento<\/p>\n<p>Joaquim Jo\u00e3o Marques Monteiro<\/p>\n<p><strong>Janeiro de 1994 \/ Janeiro de 1998<\/strong><\/p>\n<p>Presidente &#8211; Rui Manuel Marinheiro Carvalheiro<\/p>\n<p>1\u00ba Secret\u00e1rio &#8211; Jos\u00e9 Ant\u00f3nio da Paz Cardoso Ferreira<\/p>\n<p>2\u00baSecret\u00e1rio \u2013 Maria de Lurdes Seixas Nascimento Carvalho<\/p>\n<p>V\u00edtor Manuel dos Santos Madaleno<\/p>\n<p>H\u00e9lder Marques Correia de Oliveira<\/p>\n<p>Serafim de Almeida Campos<\/p>\n<p>Jos\u00e9 Carlos da Costa Salgueiro<\/p>\n<p>Manuel Gaspar Lontro<\/p>\n<p>Ant\u00f3nio Fernandes Lopes<\/p>\n<p><strong>&nbsp;<\/strong><\/p>\n<p><strong>Janeiro de 1998 \/ Janeiro de 2002<\/strong><\/p>\n<p>Presidente &#8211; Rui Manuel Marinheiro Carvalheiro<\/p>\n<p>1\u00ba Secret\u00e1rio &#8211; Jos\u00e9 Ant\u00f3nio da Paz Cardoso Ferreira<\/p>\n<p>2\u00baSecret\u00e1rio \u2013 Jos\u00e9 Ant\u00f3nio Fernandes de Sousa<\/p>\n<p>Maria Rita Concei\u00e7\u00e3o Guedes Gon\u00e7alves<\/p>\n<p>Maria de Lurdes Seixas Nascimento Carvalho<\/p>\n<p>Jos\u00e9 Manuel Virg\u00ednio da Costa<\/p>\n<p>Maria Assun\u00e7\u00e3o Mendes Sei\u00e7a e Santos Neves Coelho<\/p>\n<p>Ant\u00f3nio Varela Alves<\/p>\n<p>Fernando Jos\u00e9 Lemos Serra<\/p>\n<p>Maria de F\u00e1tima Mendes Oliveira Trigo<\/p>\n<p>Maria Margarida de Oliveira Monteiro Fontoura<\/p>\n<p>Am\u00e9rico da Silva Carvalho de Almeida<\/p>\n<p>Lu\u00eds Filipe Tavares Cavaleiro<\/p>\n<p><strong>&nbsp;<\/strong><\/p>\n<p><strong>Janeiro de 2002 \/ Outubro de 2005<\/strong><\/p>\n<p>Presidente \u2013 Fernando Pedro Rodrigues<\/p>\n<p>1\u00ba Secret\u00e1rio \u2013 Rosa Maria Paz da Silva<\/p>\n<p>2\u00baSecret\u00e1rio \u2013 Ant\u00f3nio Jorge Rodrigues Pedrosa<\/p>\n<p>Ant\u00f3nio Manuel Gon\u00e7alves Sim\u00f5es Baltazar<\/p>\n<p>Victor Manuel D\u2019Oliveira Costa<\/p>\n<p>Joaquim Manuel Silva Sim\u00f5es<\/p>\n<p>Ant\u00f3nio Varela Alves<\/p>\n<p>Fernando Jos\u00e9 Lemos Serra<\/p>\n<p>Maria Margarida de Oliveira Monteiro Fontoura<\/p>\n<p>Arm\u00e9nio de Oliveira Benta<\/p>\n<p>Ant\u00f3nio Jorge Santos D\u2019Oliveira<\/p>\n<p>Francisco Jos\u00e9 Barraca Veiga<\/p>\n<p>Joaquim Jo\u00e3o Mendes Monteiro<\/p>\n<p><strong>&nbsp;<\/strong><\/p>\n<p><strong>Outubro de 2005 \/ Outubro de 2009<\/strong><\/p>\n<p>Presidente -Jos\u00e9 Ant\u00f3nio Fernandes de Sousa<\/p>\n<p>1\u00ba Secret\u00e1ria -Rosa Maria Paz Silva<\/p>\n<p>2\u00ba Secret\u00e1ria -Regina Paula Jesus de Melo Rodrigues de Carvalho<\/p>\n<p>Ant\u00f3nio Manuel Gon\u00e7alves Sim\u00f5es Baltazar<\/p>\n<p>Jo\u00e3o Evangelista Cleto Cravino<\/p>\n<p>Joaquim Manuel Silva Sim\u00f5es<\/p>\n<p>Jorge Manuel Curado Fernandes dos Santos<\/p>\n<p>Fernando Jos\u00e9 Ferreira dos Santos<\/p>\n<p>Fernando Jos\u00e9 de Melo Neto Pereira<\/p>\n<p>Ana Cristina Maia de Gra\u00e7a<\/p>\n<p>Fernando Jos\u00e9 Lemos Serra<\/p>\n<p>Ricardo Jorge Robalo Marques<\/p>\n<p>Joaquim Jo\u00e3o Marques Monteiro<\/p>\n<p><strong>Outubro de 2009 \/ Outubro de 2013<\/strong><\/p>\n<p>Presidente -Jos\u00e9 Ant\u00f3nio Fernandes de Sousa<\/p>\n<p>1\u00ba Secret\u00e1ria -Rosa Maria Paz Silva<\/p>\n<p>2\u00ba Secret\u00e1ria \u2013Mafalda Sofia Mendes Azenha<\/p>\n<p>Jo\u00e3o Evangelista Cleto Cravino<\/p>\n<p>Joaquim Manuel Silva Sim\u00f5es<\/p>\n<p>Jo\u00e3o Carlos Brites Soares<\/p>\n<p>Vitor Lu\u00eds da Silva Ot\u00e3o<\/p>\n<p>Paula Sofia Mendes Sim\u00f5es<\/p>\n<p>Joaquim Garcia Cristino<\/p>\n<p>Maria Celeste Moreira da Fonseca<\/p>\n<p>Maria de F\u00e1tima Mendes de Oliveira Trigo<\/p>\n<p>Ant\u00f3nio Augusto Dinis Sim\u00f5es<\/p>\n<p>Fernando Jos\u00e9 Melo Neto Pereira substitu\u00eddo por Ab\u00edlio Ant\u00f3nio dos Santos Curado<\/p>\n<p><\/p>\n<p><strong>Outubro de 2013 \/ Outubro de 2017<\/strong><\/p>\n<p>Presidente &#8211; Fernando Ant\u00f3nio Martins Lopes<\/p>\n<p>1\u00ba Secret\u00e1ria &#8211; Rosa Maria Paz da Silva<\/p>\n<p>2\u00ba Secret\u00e1ria &#8211; Mafalda Sofia Mendes Azenha<\/p>\n<p>Jos\u00e9 Augusto Fernandes Mateus<\/p>\n<p>Diana Carina Pereira Rodrigues<\/p>\n<p>Jo\u00e3o Miguel Amorim Martins<\/p>\n<p>Luiz Artur Reis Pinho<\/p>\n<p>Maria de F\u00e1tima Mendes de Oliveira Trigo<\/p>\n<p>Ab\u00edlio Ant\u00f3nio dos Santos Curado<\/p>\n<p>Adelaide Maria Quaresma da Silva<\/p>\n<p>Ant\u00f3nio Augusto Dinis Sim\u00f5es<\/p>\n<p>Jo\u00e3o Duarte Pedrosa Mendes<\/p>\n<p>Maria Jo\u00e3o Ferreira de Almeida<\/p><p><br><\/p>\n<p><\/p>\n<p><span style=\"font-weight: bold;\">Outubro de 2017 \/ Outubro de 2021<\/span><\/p>\n<p>Presidente &#8211; Dina Bela de Jesus Bandeira&nbsp;<\/p>\n<p>1\u00ba Secret\u00e1ria &#8211; Anabela Cristina Louren\u00e7o Bento<\/p>\n<p>2\u00ba Secret\u00e1ria &#8211; Mafalda Reis de Azevedo<\/p>\n<p>Jo\u00e3o Evangelista Cleto Cravino<\/p>\n<p>Jos\u00e9 Ant\u00f3nio da Paz Cardoso Ferreira<\/p>\n<p>Romeu Manuel Dias Fernandes<\/p>\n<p>Diogo Gomes Ser\u00f4dio<\/p>\n<p>Ab\u00edlio Ant\u00f3nio dos Santos Curado<\/p>\n<p>Teresa Maria Br\u00e1s Faria Mendes Vitorino<\/p>\n<p>Adelaide Maria Quaresma Silva<\/p>\n<p>Fernando Alves Migu\u00e9is<\/p>\n<p>Jo\u00e3o Duarte Pedrosa Mendes<\/p>\n<p>Pedro Miguel da Silva Ribeiro Jorge<\/p><p><br><\/p><p><span style=\"font-weight: 700;\">Outubro de 2021 \/ Outubro de 2025<\/span><\/p><p>Presidente &#8211; Dina Bela de Jesus Bandeira&nbsp;<\/p><p>1\u00ba Secret\u00e1ria &#8211; Anabela Cristina Louren\u00e7o Bento<\/p><p>2\u00ba Secret\u00e1rio &#8211; Rui Miguel Jord\u00e3o de Jesus Bronze<\/p><p>Jos\u00e9 Ant\u00f3nio da Paz Cardoso Ferreira<\/p><p>Rosa Maria Paz da Silva<\/p><p>Joana Rita Oliveira Madaleno<\/p><p>Ana Cristina Maia da Gra\u00e7a<\/p><p>Jorge Manuel Curado Fernandes dos Santos<\/p><p>Tiago Jos\u00e9 Coelho Carvalho<\/p><p>Paula Sofia Mendes Sim\u00f5es<\/p><p>Jos\u00e9 Herminio Gon\u00e7alves Gomes<\/p><p>S\u00f3nia Lu\u00edsa da Paza Marques Almeida<\/p><p>T\u00e2nia Sofia Alves Duarte<\/p>\t\t\t\t\t\t<\/div>\n\t\t\t\t<\/div>\n\t\t\t\t\t<\/div>\n\t\t<\/div>\n\t\t\t\t\t\t\t<\/div>\n\t\t<\/section>\n\t\t\t\t<section class=\"elementor-section elementor-top-section elementor-element elementor-element-7acdf170 elementor-section-boxed elementor-section-height-default elementor-section-height-default\" data-id=\"7acdf170\" data-element_type=\"section\">\n\t\t\t\t\t\t<div class=\"elementor-container elementor-column-gap-default\">\n\t\t\t\t\t<div class=\"elementor-column elementor-col-100 elementor-top-column elementor-element elementor-element-2eea2a6d\" data-id=\"2eea2a6d\" data-element_type=\"column\">\n\t\t\t<div class=\"elementor-widget-wrap elementor-element-populated\">\n\t\t\t\t\t\t\t\t<div class=\"elementor-element elementor-element-5288e8b6 elementor-widget elementor-widget-spacer\" data-id=\"5288e8b6\" data-element_type=\"widget\" data-widget_type=\"spacer.default\">\n\t\t\t\t<div class=\"elementor-widget-container\">\n\t\t\t\t\t<div class=\"elementor-spacer\">\n\t\t\t<div class=\"elementor-spacer-inner\"><\/div>\n\t\t<\/div>\n\t\t\t\t<\/div>\n\t\t\t\t<\/div>\n\t\t\t\t\t<\/div>\n\t\t<\/div>\n\t\t\t\t\t\t\t<\/div>\n\t\t<\/section>\n\t\t\t\t<section class=\"elementor-section elementor-top-section elementor-element elementor-element-10039bcd elementor-section-stretched elementor-section-boxed elementor-section-height-default elementor-section-height-default\" data-id=\"10039bcd\" data-element_type=\"section\" data-settings=\"{&quot;background_background&quot;:&quot;classic&quot;,&quot;stretch_section&quot;:&quot;section-stretched&quot;,&quot;background_motion_fx_motion_fx_scrolling&quot;:&quot;yes&quot;,&quot;background_motion_fx_scale_effect&quot;:&quot;yes&quot;,&quot;background_motion_fx_scale_direction&quot;:&quot;out-in&quot;,&quot;background_motion_fx_scale_speed&quot;:{&quot;unit&quot;:&quot;px&quot;,&quot;size&quot;:4,&quot;sizes&quot;:[]},&quot;background_motion_fx_scale_range&quot;:{&quot;unit&quot;:&quot;%&quot;,&quot;size&quot;:&quot;&quot;,&quot;sizes&quot;:{&quot;start&quot;:20,&quot;end&quot;:80}},&quot;background_motion_fx_devices&quot;:[&quot;desktop&quot;,&quot;tablet&quot;,&quot;mobile&quot;]}\">\n\t\t\t\t\t\t<div class=\"elementor-container elementor-column-gap-no\">\n\t\t\t\t\t<div class=\"elementor-column elementor-col-100 elementor-top-column elementor-element elementor-element-2ce40e0e\" data-id=\"2ce40e0e\" data-element_type=\"column\">\n\t\t\t<div class=\"elementor-widget-wrap elementor-element-populated\">\n\t\t\t\t\t\t\t\t<div class=\"elementor-element elementor-element-2444728d elementor-widget elementor-widget-heading\" data-id=\"2444728d\" data-element_type=\"widget\" data-widget_type=\"heading.default\">\n\t\t\t\t<div class=\"elementor-widget-container\">\n\t\t\t<h1 class=\"elementor-heading-title elementor-size-default\">Onde estamos<\/h1>\t\t<\/div>\n\t\t\t\t<\/div>\n\t\t\t\t<div class=\"elementor-element elementor-element-1e076247 elementor-widget elementor-widget-google_maps\" data-id=\"1e076247\" data-element_type=\"widget\" data-widget_type=\"google_maps.default\">\n\t\t\t\t<div class=\"elementor-widget-container\">\n\t\t\t\t\t<div class=\"elementor-custom-embed\">\n\t\t\t<iframe frameborder=\"0\" scrolling=\"no\" marginheight=\"0\" marginwidth=\"0\"\n\t\t\t\t\tsrc=\"https:\/\/maps.google.com\/maps?q=%20Junta%20de%20Freguesia%20de%20Tavarede%20Rua%20Jos%C3%A9%20Nunes%20Medina%2C22%20Tavarede%203080-846%20Figueira%20da%20Foz&#038;t=m&#038;z=18&#038;output=embed&#038;iwloc=near\"\n\t\t\t\t\ttitle=\" Junta de Freguesia de Tavarede Rua Jos\u00e9 Nunes Medina,22 Tavarede 3080-846 Figueira da Foz\"\n\t\t\t\t\taria-label=\" Junta de Freguesia de Tavarede Rua Jos\u00e9 Nunes Medina,22 Tavarede 3080-846 Figueira da Foz\"\n\t\t\t><\/iframe>\n\t\t<\/div>\n\t\t\t\t<\/div>\n\t\t\t\t<\/div>\n\t\t\t\t<section class=\"elementor-section elementor-inner-section elementor-element elementor-element-74ef1970 elementor-section-content-middle elementor-section-boxed elementor-section-height-default elementor-section-height-default\" data-id=\"74ef1970\" data-element_type=\"section\">\n\t\t\t\t\t\t<div class=\"elementor-container elementor-column-gap-no\">\n\t\t\t\t\t<div class=\"elementor-column elementor-col-33 elementor-inner-column elementor-element elementor-element-d7d8770\" data-id=\"d7d8770\" data-element_type=\"column\">\n\t\t\t<div class=\"elementor-widget-wrap elementor-element-populated\">\n\t\t\t\t\t\t\t\t<div class=\"elementor-element elementor-element-1dd25efb elementor-widget elementor-widget-heading\" data-id=\"1dd25efb\" data-element_type=\"widget\" data-widget_type=\"heading.default\">\n\t\t\t\t<div class=\"elementor-widget-container\">\n\t\t\t<h6 class=\"elementor-heading-title elementor-size-default\">Localiza\u00e7\u00e3o<\/h6>\t\t<\/div>\n\t\t\t\t<\/div>\n\t\t\t\t<div class=\"elementor-element elementor-element-24bc901e elementor-widget elementor-widget-text-editor\" data-id=\"24bc901e\" data-element_type=\"widget\" data-widget_type=\"text-editor.default\">\n\t\t\t\t<div class=\"elementor-widget-container\">\n\t\t\t\t\t\t\t<p><span style=\"color: #ccffff;\">Rua Jos\u00e9 Nunes Medina,22<\/span><\/p><p><span style=\"color: #ccffff;\">Tavarede<\/span><\/p><p><span style=\"color: #ccffff;\">3080-846 Figueira da Foz<\/span><\/p>\t\t\t\t\t\t<\/div>\n\t\t\t\t<\/div>\n\t\t\t\t\t<\/div>\n\t\t<\/div>\n\t\t\t\t<div class=\"elementor-column elementor-col-33 elementor-inner-column elementor-element elementor-element-eef5379\" data-id=\"eef5379\" data-element_type=\"column\">\n\t\t\t<div class=\"elementor-widget-wrap elementor-element-populated\">\n\t\t\t\t\t\t\t\t<div class=\"elementor-element elementor-element-3ab2fa54 elementor-widget elementor-widget-heading\" data-id=\"3ab2fa54\" data-element_type=\"widget\" data-widget_type=\"heading.default\">\n\t\t\t\t<div class=\"elementor-widget-container\">\n\t\t\t<h6 class=\"elementor-heading-title elementor-size-default\">Hor\u00e1rio<\/h6>\t\t<\/div>\n\t\t\t\t<\/div>\n\t\t\t\t<div class=\"elementor-element elementor-element-13c50252 elementor-widget elementor-widget-text-editor\" data-id=\"13c50252\" data-element_type=\"widget\" data-widget_type=\"text-editor.default\">\n\t\t\t\t<div class=\"elementor-widget-container\">\n\t\t\t\t\t\t\t<p><span style=\"color: #ccffff;\">Segunda a Sexta<\/span><\/p><p><span style=\"color: #ccffff;\">9H00 &#8211; 12h30 <\/span><\/p><p><span style=\"color: #ccffff;\">14H00 &#8211; 17H30<\/span><\/p>\t\t\t\t\t\t<\/div>\n\t\t\t\t<\/div>\n\t\t\t\t\t<\/div>\n\t\t<\/div>\n\t\t\t\t<div class=\"elementor-column elementor-col-33 elementor-inner-column elementor-element elementor-element-21b1823c\" data-id=\"21b1823c\" data-element_type=\"column\">\n\t\t\t<div class=\"elementor-widget-wrap elementor-element-populated\">\n\t\t\t\t\t\t\t\t<div class=\"elementor-element elementor-element-70f42245 elementor-widget elementor-widget-heading\" data-id=\"70f42245\" data-element_type=\"widget\" data-widget_type=\"heading.default\">\n\t\t\t\t<div class=\"elementor-widget-container\">\n\t\t\t<h6 class=\"elementor-heading-title elementor-size-default\">Contactos<\/h6>\t\t<\/div>\n\t\t\t\t<\/div>\n\t\t\t\t<div class=\"elementor-element elementor-element-5147f6ee elementor-widget elementor-widget-text-editor\" data-id=\"5147f6ee\" data-element_type=\"widget\" data-widget_type=\"text-editor.default\">\n\t\t\t\t<div class=\"elementor-widget-container\">\n\t\t\t\t\t\t\t<p><span style=\"color: #ccffff;\">Tel: 233 401 400<\/span><br><span style=\"color: #ccffff;\">Fax: 233&nbsp;401&nbsp;402<\/span><br><span style=\"color: #ccffff;\">Email: <a style=\"color: #ccffff;\" href=\"mailto:geral@juntatavarede.pt\">geral@juntatavarede.pt<\/a><\/span><\/p>\t\t\t\t\t\t<\/div>\n\t\t\t\t<\/div>\n\t\t\t\t\t<\/div>\n\t\t<\/div>\n\t\t\t\t\t\t\t<\/div>\n\t\t<\/section>\n\t\t\t\t<div class=\"elementor-element elementor-element-4bf60418 elementor-shape-rounded elementor-grid-0 e-grid-align-center elementor-widget elementor-widget-social-icons\" data-id=\"4bf60418\" data-element_type=\"widget\" data-widget_type=\"social-icons.default\">\n\t\t\t\t<div class=\"elementor-widget-container\">\n\t\t\t\t\t<div class=\"elementor-social-icons-wrapper elementor-grid\">\n\t\t\t\t\t\t\t<span class=\"elementor-grid-item\">\n\t\t\t\t\t<a class=\"elementor-icon elementor-social-icon elementor-social-icon-facebook-f elementor-animation-grow elementor-repeater-item-9c86cde\" href=\"https:\/\/www.facebook.com\/\" target=\"_blank\">\n\t\t\t\t\t\t<span class=\"elementor-screen-only\">Facebook-f<\/span>\n\t\t\t\t\t\t<i class=\"fab fa-facebook-f\"><\/i>\t\t\t\t\t<\/a>\n\t\t\t\t<\/span>\n\t\t\t\t\t\t\t<span class=\"elementor-grid-item\">\n\t\t\t\t\t<a class=\"elementor-icon elementor-social-icon elementor-social-icon-twitter elementor-animation-grow elementor-repeater-item-7f0e5c7\" href=\"https:\/\/twitter.com\/home?lang=pt\" target=\"_blank\">\n\t\t\t\t\t\t<span class=\"elementor-screen-only\">Twitter<\/span>\n\t\t\t\t\t\t<i class=\"fab fa-twitter\"><\/i>\t\t\t\t\t<\/a>\n\t\t\t\t<\/span>\n\t\t\t\t\t\t\t<span class=\"elementor-grid-item\">\n\t\t\t\t\t<a class=\"elementor-icon elementor-social-icon elementor-social-icon-instagram elementor-animation-grow elementor-repeater-item-d9a9500\" href=\"https:\/\/www.instagram.com\/?hl=pt\" target=\"_blank\">\n\t\t\t\t\t\t<span class=\"elementor-screen-only\">Instagram<\/span>\n\t\t\t\t\t\t<i class=\"fab fa-instagram\"><\/i>\t\t\t\t\t<\/a>\n\t\t\t\t<\/span>\n\t\t\t\t\t\t\t<span class=\"elementor-grid-item\">\n\t\t\t\t\t<a class=\"elementor-icon elementor-social-icon elementor-social-icon-youtube elementor-animation-grow elementor-repeater-item-75dde21\" href=\"https:\/\/www.youtube.com\/\" target=\"_blank\">\n\t\t\t\t\t\t<span class=\"elementor-screen-only\">Youtube<\/span>\n\t\t\t\t\t\t<i class=\"fab fa-youtube\"><\/i>\t\t\t\t\t<\/a>\n\t\t\t\t<\/span>\n\t\t\t\t\t<\/div>\n\t\t\t\t<\/div>\n\t\t\t\t<\/div>\n\t\t\t\t\t<\/div>\n\t\t<\/div>\n\t\t\t\t\t\t\t<\/div>\n\t\t<\/section>\n\t\t\t\t\t\t<\/div>\n\t\t\t\t\t<\/div>\n\t\t","protected":false},"excerpt":{"rendered":"<p>Assembleias de freguesias anteriores Reconhecimento e Homenagem a todos os Homens e Mulheres da Freguesia que t\u00eam contribu\u00eddo para o seu desenvolvimento. Em nome da Freguesia, OBRIGADO Tavarede, 19 de Outubro de 2017 O Executivo Membros das Assembleias de Freguesia de Tavarede Janeiro de 1977 \/ Janeiro de 1980 Presidente<\/p>\n","protected":false},"author":1,"featured_media":0,"parent":780,"menu_order":0,"comment_status":"closed","ping_status":"closed","template":"","meta":{"footnotes":""},"class_list":["post-968","page","type-page","status-publish","hentry"],"_links":{"self":[{"href":"https:\/\/site.juntatavarede.pt\/index.php?rest_route=\/wp\/v2\/pages\/968","targetHints":{"allow":["GET"]}}],"collection":[{"href":"https:\/\/site.juntatavarede.pt\/index.php?rest_route=\/wp\/v2\/pages"}],"about":[{"href":"https:\/\/site.juntatavarede.pt\/index.php?rest_route=\/wp\/v2\/types\/page"}],"author":[{"embeddable":true,"href":"https:\/\/site.juntatavarede.pt\/index.php?rest_route=\/wp\/v2\/users\/1"}],"replies":[{"embeddable":true,"href":"https:\/\/site.juntatavarede.pt\/index.php?rest_route=%2Fwp%2Fv2%2Fcomments&post=968"}],"version-history":[{"count":13,"href":"https:\/\/site.juntatavarede.pt\/index.php?rest_route=\/wp\/v2\/pages\/968\/revisions"}],"predecessor-version":[{"id":3210,"href":"https:\/\/site.juntatavarede.pt\/index.php?rest_route=\/wp\/v2\/pages\/968\/revisions\/3210"}],"up":[{"embeddable":true,"href":"https:\/\/site.juntatavarede.pt\/index.php?rest_route=\/wp\/v2\/pages\/780"}],"wp:attachment":[{"href":"https:\/\/site.juntatavarede.pt\/index.php?rest_route=%2Fwp%2Fv2%2Fmedia&parent=968"}],"curies":[{"name":"wp","href":"https:\/\/api.w.org\/{rel}","templated":true}]}}